{"id":9516,"date":"2025-05-05T17:15:17","date_gmt":"2025-05-05T14:15:17","guid":{"rendered":"https:\/\/www.enucuzu.com\/blog\/?page_id=9516"},"modified":"2025-05-16T16:32:46","modified_gmt":"2025-05-16T13:32:46","slug":"italya-guncel-seyahat-bilgileri","status":"publish","type":"page","link":"https:\/\/www.enucuzu.com\/blog\/italya-guncel-seyahat-bilgileri","title":{"rendered":"\u0130talya: G\u00fcncel Seyahat Bilgileri"},"content":{"rendered":"\n<p><strong>Son G\u00fcncellenme Tarihi:<\/strong> 05.05.2025<\/p>\n\n\n\n<p class=\"has-vivid-green-cyan-color has-text-color has-link-color wp-elements-a6ea3f0d7d53f3828354509994f084e2\"><strong>G\u00fcncel G\u00fcvenlik Risk D\u00fczeyi: <\/strong>S\u0131radan \u00d6nlemler Al\u0131n (1\/3)<\/p>\n\n\n\n<p class=\"has-vivid-green-cyan-color has-text-color has-link-color has-small-font-size wp-elements-afe11d49e86472a6f489dc9aefd305c1\">| T\u00fcrkiye Cumhuriyeti D\u0131\u015fi\u015fleri Bakanl\u0131\u011f\u0131&#8217;n\u0131n ve incelenen di\u011fer resmi kurumlar\u0131n \u0130talya seyahati i\u00e7in \u00f6zel bir seyahat g\u00fcvenlik uyar\u0131s\u0131 bulunmamaktad\u0131r. G\u00fcvenli bir seyahat deneyimine y\u00f6nelik ipu\u00e7lar\u0131 i\u00e7in &#8220;G\u00fcvenlik&#8221; ba\u015fl\u0131\u011f\u0131n\u0131 inceleyin.<\/p>\n\n\n\n<h2 class=\"wp-block-heading\">\u00dclke K\u00fcnyesi<\/h2>\n\n\n\n<figure class=\"wp-block-table\"><table><tbody><tr><td><strong>\u00dclke<\/strong><\/td><td>\u0130talya<\/td><\/tr><tr><td><strong>Ba\u015fkent<\/strong><\/td><td>Roma<\/td><\/tr><tr><td><strong>Turistik \u015eehirler<\/strong><\/td><td>Roma, Venedik, Floransa, Milano, Napoli<\/td><\/tr><tr><td><strong>Resmi Dil<\/strong><\/td><td>\u0130talyanca<\/td><\/tr><tr><td><strong>Vize<\/strong><\/td><td>Schengen Vizesi<\/td><\/tr><tr><td><strong>Vize Kurumu<\/strong><\/td><td>iData<\/td><\/tr><tr><td><strong>Min. Pasaport S\u00fcresi<\/strong><\/td><td>3 Ay<\/td><\/tr><tr><td><strong>Para Birimi<\/strong><\/td><td>Euro (EUR)<\/td><\/tr><tr><td><strong>N\u00fcfus<\/strong><\/td><td>59.000.000<\/td><\/tr><tr><td><strong>Saat Dilimi<\/strong><\/td><td>UTC + 1 (CET) \/ UTC + 2 (CEST)<\/td><\/tr><tr><td><strong>Trafik Y\u00f6n\u00fc<\/strong><\/td><td>Sa\u011f<\/td><\/tr><tr><td><strong>T\u00fcrk Ehliyeti Ge\u00e7erli mi?<\/strong><\/td><td>Evet, 6 Aya Kadar<\/td><\/tr><\/tbody><\/table><\/figure>\n\n\n\n<h2 class=\"wp-block-heading\">Acil Durumda Aranacak Numaralar<\/h2>\n\n\n\n<figure class=\"wp-block-table\"><table><tbody><tr><td><strong>\u00dclke<\/strong><\/td><td>\u0130talya<\/td><\/tr><tr><td><strong>Standart Acil Durum Hatt\u0131<\/strong><\/td><td>112<\/td><\/tr><tr><td><strong>Polis<\/strong><\/td><td>112 \/ 113<\/td><\/tr><tr><td><strong>Ambulans<\/strong><\/td><td>112 \/ 118<\/td><\/tr><tr><td><strong>\u0130tfaiye<\/strong><\/td><td>112 \/ 115<\/td><\/tr><tr><td><strong>B\u00fcy\u00fckel\u00e7ilik<\/strong><\/td><td>T\u00fcrkiye Cumhuriyeti Roma B\u00fcy\u00fckel\u00e7ili\u011fi<\/td><\/tr><tr><td><strong>B\u00fcy\u00fckel\u00e7ilik Adresi<\/strong><\/td><td>Via Palestro 28, 00185 Roma, \u0130talya Cumhuriyeti<\/td><\/tr><tr><td><strong>B\u00fcy\u00fckel\u00e7ilik Telefon<\/strong><\/td><td>+39 06 445 941<br>+39 340 1766431 (N\u00f6bet\u00e7i \/ Acil Durum)<\/td><\/tr><tr><td><strong>B\u00fcy\u00fckel\u00e7ilik E-Posta<\/strong><\/td><td>ambasciata.roma@mfa.gov.tr<\/td><\/tr><\/tbody><\/table><\/figure>\n\n\n\n<div class=\"wp-block-columns is-layout-flex wp-container-core-columns-is-layout-1 wp-block-columns-is-layout-flex\">\n<div class=\"wp-block-column is-layout-flow wp-block-column-is-layout-flow\"><div class=\"wp-block-image\">\n<figure class=\"aligncenter size-full is-resized\"><a href=\"https:\/\/www.enucuzu.com\/ucak-bileti\/roma\"><img fetchpriority=\"high\" decoding=\"async\" width=\"533\" height=\"114\" src=\"https:\/\/www.enucuzu.com\/blog\/wp-content\/uploads\/2025\/05\/buton-1.png\" alt=\"\" class=\"wp-image-9548\" style=\"width:269px;height:auto\" srcset=\"https:\/\/www.enucuzu.com\/blog\/wp-content\/uploads\/2025\/05\/buton-1.png 533w, https:\/\/www.enucuzu.com\/blog\/wp-content\/uploads\/2025\/05\/buton-1-150x32.png 150w, https:\/\/www.enucuzu.com\/blog\/wp-content\/uploads\/2025\/05\/buton-1-450x96.png 450w\" sizes=\"(max-width: 533px) 100vw, 533px\" \/><\/a><\/figure><\/div><\/div>\n\n\n\n<div class=\"wp-block-column is-layout-flow wp-block-column-is-layout-flow\"><div class=\"wp-block-image\">\n<figure class=\"aligncenter size-full is-resized\"><a href=\"https:\/\/www.enucuzu.com\/blog\/roma-gezi-rehberi\"><img decoding=\"async\" width=\"533\" height=\"114\" src=\"https:\/\/www.enucuzu.com\/blog\/wp-content\/uploads\/2025\/05\/buton-2.png\" alt=\"\" class=\"wp-image-9549\" style=\"width:278px;height:auto\" srcset=\"https:\/\/www.enucuzu.com\/blog\/wp-content\/uploads\/2025\/05\/buton-2.png 533w, https:\/\/www.enucuzu.com\/blog\/wp-content\/uploads\/2025\/05\/buton-2-150x32.png 150w, https:\/\/www.enucuzu.com\/blog\/wp-content\/uploads\/2025\/05\/buton-2-450x96.png 450w\" sizes=\"(max-width: 533px) 100vw, 533px\" \/><\/a><\/figure><\/div><\/div>\n<\/div>\n\n\n\n<style>\n        .aagb_accordion_120b19e8_3 .aagb__accordion_active .aagb__accordion_body {\n          border-top: 1px solid #ebebeb;\n        }\n      \n          .aagb_accordion_120b19e8_3 .aagb__accordion_container {\n            transition-duration: 0ms !important;\n            outline: 2px solid #00000000;\n          }\n          .aagb_accordion_120b19e8_3 .aagb__accordion_container:focus-visible {\n            outline: 2px solid #C2DBFE;\n          }\n        <\/style><div class=\"wp-block-aab-group-accordion searchable aagb_accordion_120b19e8_3 click false\" id=\"group-accordion-120b19e8_3\">\n<div class=\"wp-block-aab-accordion-item aagb__accordion_container panel\" tabindex=\"0\" style=\"border:1px solid #bcb6b638;margin-top:0px;margin-bottom:15px\"><div class=\"aagb__accordion_head aab_right_icon  \" data-active=\"false\" style=\"background-color:#bcb6b638;border-top:none;border-right:none;border-bottom:none;border-left:none\"><div class=\"aagb__accordion_heading aab_right_icon aagb_right_link\"><div class=\"head_content_wrapper\"><div class=\"title_wrapper\"><h5 class=\"aagb__accordion_title\" style=\"margin:0\">G\u00fcncel Uyar\u0131lar<\/h5><\/div><p class=\"aagb__accordion_subheading\" placeholder=\"\" style=\"margin:5px 0 0 0\"><\/p><\/div><\/div><div class=\"aagb__accordion_icon\"><div class=\"aagb__icon_dashicons_box\"><span class=\"aagb__icon dashicons dashicons-plus-alt2\"><\/span><\/div><\/div><\/div><div class=\"aagb__accordion_body   \" role=\"region\" style=\"border-top:1px solid #bcb6b638;border-right:none;border-bottom:none;border-left:none\"><div class=\"aagb__accordion_component \">\n<p>\u0130talya &#8211; Slovenya kara s\u0131n\u0131r\u0131nda ge\u00e7ici s\u0131n\u0131r kontrolleri uygulanmaktad\u0131r. Bu kontroller nedeni ile kara s\u0131n\u0131r\u0131n\u0131n ge\u00e7ilmesi beklenenden daha uzun s\u00fcrebilir.<\/p>\n\n\n\n<p>Papa Francis\u2019in 21 Nisan\u2019da vefat\u0131n\u0131n ard\u0131ndan Roma ve Vatikan\u2019da \u00f6n\u00fcm\u00fczdeki g\u00fcnlerde normalden yo\u011fun kalabal\u0131k beklenmektedir. L\u00fctfen yerel yetkililerin tavsiyelerine uyun.<\/p>\n\n\n\n<p>Kutsal Y\u0131l olarak da bilinen J\u00fcbile, 24 Aral\u0131k 2024\u2019ten 06 Ocak 2026 tarihine dek Roma\u2019da kutlanacak. \u00d6zellikle b\u00fcy\u00fck etkinlikler s\u0131ras\u0131nda \u00e7ok say\u0131da ziyaret\u00e7i beklenmektedir. J\u00fcbile ile ili\u015fkili etkinlik takvimini kontrol etmek ve seyahatinizi etkileyebilecek etkinliklerden haberdar olmak i\u00e7in <a href=\"https:\/\/www.iubilaeum2025.va\/en\/pellegrinaggio\/calendario-giubileo.html\" target=\"_blank\" rel=\"noreferrer noopener\">resmi J\u00fcbile internet sitesini<\/a> ziyaret edin.<\/p>\n<\/div><\/div><\/div>\n\n\n\n<div class=\"wp-block-aab-accordion-item aagb__accordion_container panel\" tabindex=\"0\" style=\"border:1px solid #bcb6b638;margin-top:0px;margin-bottom:15px\"><div class=\"aagb__accordion_head aab_right_icon  \" data-active=\"false\" style=\"background-color:#bcb6b638;border-top:none;border-right:none;border-bottom:none;border-left:none\"><div class=\"aagb__accordion_heading aab_right_icon aagb_right_link\"><div class=\"head_content_wrapper\"><div class=\"title_wrapper\"><h5 class=\"aagb__accordion_title\" style=\"margin:0\">Enucuzu.com&#8217;un Seyahat \u00d6nerileri<\/h5><\/div><p class=\"aagb__accordion_subheading\" placeholder=\"\" style=\"margin:5px 0 0 0\"><\/p><\/div><\/div><div class=\"aagb__accordion_icon\"><div class=\"aagb__icon_dashicons_box\"><span class=\"aagb__icon dashicons dashicons-plus-alt2\"><\/span><\/div><\/div><\/div><div class=\"aagb__accordion_body   \" role=\"region\" style=\"border-top:1px solid #bcb6b638;border-right:none;border-bottom:none;border-left:none\"><div class=\"aagb__accordion_component \">\n<p>\u0130talya&#8217;y\u0131 y\u0131l\u0131n her d\u00f6neminde ziyaret edebilirsiniz ancak \u00f6zellikle ilkbahar ve sonbahar d\u00f6nemleri turistik bir ziyaret i\u00e7in idealdir.<\/p>\n\n\n\n<p>\u0130talya&#8217;ya ilk kez seyahat edecekseniz \u00f6ncelikle Roma&#8217;y\u0131 ziyaret etmenizi \u00f6neririz. Ayr\u0131ca Venedik, Floransa, Milano ve Napoli de \u00f6nemli turistik noktalar aras\u0131nda yer almaktad\u0131r.<\/p>\n<\/div><\/div><\/div>\n\n\n\n<div class=\"wp-block-aab-accordion-item aagb__accordion_container panel\" tabindex=\"0\" style=\"border:1px solid #bcb6b638;margin-top:0px;margin-bottom:15px\"><div class=\"aagb__accordion_head aab_right_icon  \" data-active=\"false\" style=\"background-color:#bcb6b638;border-top:none;border-right:none;border-bottom:none;border-left:none\"><div class=\"aagb__accordion_heading aab_right_icon aagb_right_link\"><div class=\"head_content_wrapper\"><div class=\"title_wrapper\"><h5 class=\"aagb__accordion_title\" style=\"margin:0\">Vize Gereksinimleri<\/h5><\/div><p class=\"aagb__accordion_subheading\" placeholder=\"\" style=\"margin:5px 0 0 0\"><\/p><\/div><\/div><div class=\"aagb__accordion_icon\"><div class=\"aagb__icon_dashicons_box\"><span class=\"aagb__icon dashicons dashicons-plus-alt2\"><\/span><\/div><\/div><\/div><div class=\"aagb__accordion_body   \" role=\"region\" style=\"border-top:1px solid #bcb6b638;border-right:none;border-bottom:none;border-left:none\"><div class=\"aagb__accordion_component \">\n<p>\u0130talya i\u00e7in g\u00fcncel vize gereksinimleri \u015fu \u015fekildedir:<\/p>\n\n\n\n<p><strong>Umuma Mahsus (Bordo) Pasaport:<\/strong> Schengen Vizesi&#8217;ne tabidir.<\/p>\n\n\n\n<p><strong>Hususi (Ye\u015fil) Pasaport:<\/strong> 180 g\u00fcnl\u00fck d\u00f6nem i\u00e7inde 90 g\u00fcn\u00fc a\u015fmamak kayd\u0131 ile vizeden muaft\u0131r.<\/p>\n\n\n\n<p><strong>Hizmet (Gri) Pasaport:<\/strong> 180 g\u00fcnl\u00fck d\u00f6nem i\u00e7inde 90 g\u00fcn\u00fc a\u015fmamak kayd\u0131 ile vizeden muaft\u0131r.<\/p>\n\n\n\n<p><strong>Diplomatik (Siyah) Pasaport:<\/strong> 180 g\u00fcnl\u00fck d\u00f6nem i\u00e7inde 90 g\u00fcn\u00fc a\u015fmamak kayd\u0131 ile vizeden muaft\u0131r.<\/p>\n\n\n\n<p>Umuma Mahsus (Bordo) Pasaport sahiplerinin \u0130talya&#8217;y\u0131 ziyaret edebilmesi i\u00e7in ge\u00e7erli bir Schengen Vizesi&#8217;ne sahip olmalar\u0131 gerekir. \u0130talya i\u00e7in turistik vize ba\u015fvurular\u0131 <strong>iData <\/strong>\u00fczerinden sa\u011flan\u0131r.<\/p>\n\n\n\n<p>Ne t\u00fcr bir pasaporta \/ vizeye sahip olursan\u0131z olun t\u00fcm Schengen \u00fclkeleri i\u00e7inde ge\u00e7irebilece\u011finiz toplam s\u00fcre 180 g\u00fcn i\u00e7inde 90 g\u00fcn\u00fc a\u015famaz. 90 g\u00fcnl\u00fck s\u0131n\u0131r\u0131 a\u015fman\u0131z durumunda Schengen \u00fclkelerine giri\u015finiz 3 y\u0131la kadar yasaklanabilir.<\/p>\n<\/div><\/div><\/div>\n\n\n\n<div class=\"wp-block-aab-accordion-item aagb__accordion_container panel\" tabindex=\"0\" style=\"border:1px solid #bcb6b638;margin-top:0px;margin-bottom:15px\"><div class=\"aagb__accordion_head aab_right_icon  \" data-active=\"false\" style=\"background-color:#bcb6b638;border-top:none;border-right:none;border-bottom:none;border-left:none\"><div class=\"aagb__accordion_heading aab_right_icon aagb_right_link\"><div class=\"head_content_wrapper\"><div class=\"title_wrapper\"><h5 class=\"aagb__accordion_title\" style=\"margin:0\">T\u00fcrkiye Cumhuriyeti D\u0131\u015fi\u015fleri Bakanl\u0131\u011f\u0131 Notlar\u0131<\/h5><\/div><p class=\"aagb__accordion_subheading\" placeholder=\"\" style=\"margin:5px 0 0 0\"><\/p><\/div><\/div><div class=\"aagb__accordion_icon\"><div class=\"aagb__icon_dashicons_box\"><span class=\"aagb__icon dashicons dashicons-plus-alt2\"><\/span><\/div><\/div><\/div><div class=\"aagb__accordion_body   \" role=\"region\" style=\"border-top:1px solid #bcb6b638;border-right:none;border-bottom:none;border-left:none\"><div class=\"aagb__accordion_component \">\n<p>T\u00fcrkiye Cumhuriyeti D\u0131\u015fi\u015fleri Bakanl\u0131\u011f\u0131&#8217;n\u0131n \u0130talya&#8217;ya seyahat edecek vatanda\u015flara y\u00f6nelik \u00f6zel bir uyar\u0131s\u0131 bulunmamaktad\u0131r.<\/p>\n<\/div><\/div><\/div>\n\n\n\n<div class=\"wp-block-aab-accordion-item aagb__accordion_container panel\" tabindex=\"0\" style=\"border:1px solid #bcb6b638;margin-top:0px;margin-bottom:15px\"><div class=\"aagb__accordion_head aab_right_icon  \" data-active=\"false\" style=\"background-color:#bcb6b638;border-top:none;border-right:none;border-bottom:none;border-left:none\"><div class=\"aagb__accordion_heading aab_right_icon aagb_right_link\"><div class=\"head_content_wrapper\"><div class=\"title_wrapper\"><h5 class=\"aagb__accordion_title\" style=\"margin:0\">G\u00fcmr\u00fck Kurallar\u0131<\/h5><\/div><p class=\"aagb__accordion_subheading\" placeholder=\"\" style=\"margin:5px 0 0 0\"><\/p><\/div><\/div><div class=\"aagb__accordion_icon\"><div class=\"aagb__icon_dashicons_box\"><span class=\"aagb__icon dashicons dashicons-plus-alt2\"><\/span><\/div><\/div><\/div><div class=\"aagb__accordion_body   \" role=\"region\" style=\"border-top:1px solid #bcb6b638;border-right:none;border-bottom:none;border-left:none\"><div class=\"aagb__accordion_component \">\n<p>\u0130talya\u2019ya g\u00f6t\u00fcrebilece\u011finiz veya \u0130talya\u2019dan getirebilece\u011finiz mallar\u0131n niteli\u011fi ve miktar\u0131 hakk\u0131nda kat\u0131 s\u0131n\u0131rlar bulunmaktad\u0131r. Kurallara uyulmamas\u0131 durumunda cezai i\u015flemler uygulanabilir. Ek bilgi i\u00e7in <a href=\"https:\/\/www.adm.gov.it\/portale\/en\/carta-doganale-viaggiatore\" target=\"_blank\" rel=\"noreferrer noopener\">Seyahat G\u00fcmr\u00fck Kart\u0131\u2019n\u0131<\/a> inceleyin.<\/p>\n\n\n\n<p>Avrupa Birli\u011fi \u00fclkelerine et, s\u00fct veya bunlar\u0131 i\u00e7eren \u00fcr\u00fcnlerin sokulmas\u0131 yasakt\u0131r ancak toz bebek s\u00fct\u00fc, bebek mamas\u0131 ve t\u0131bbi nedenlerle gerekli olan \u00f6zel mama veya evcil hayvan mamas\u0131 gibi baz\u0131 \u00fcr\u00fcnlerde istisnalar bulunmaktad\u0131r. Kurallara uyulmamas\u0131 durumunda cezai i\u015flemler uygulanabilir. Ek bilgi i\u00e7in <a href=\"https:\/\/food.ec.europa.eu\/animals\/animal-products-movements\/personal-imports_en\" target=\"_blank\" rel=\"noreferrer noopener\">Ki\u015fisel \u0130thalat\u2019\u0131<\/a> inceleyin.<\/p>\n\n\n\n<p>Toplam de\u011feri 10.000 Euro veya daha fazla olan nakit, \u00e7ek ve de\u011ferli e\u015fyalar s\u0131n\u0131rda beyan edilmelidir. Aksi takdirde \u00fclkeden ayr\u0131l\u0131rken ilgili varl\u0131klar\u0131n\u0131za el koyulabilir.<\/p>\n<\/div><\/div><\/div>\n\n\n\n<div class=\"wp-block-aab-accordion-item aagb__accordion_container panel\" tabindex=\"0\" style=\"border:1px solid #bcb6b638;margin-top:0px;margin-bottom:15px\"><div class=\"aagb__accordion_head aab_right_icon  \" data-active=\"false\" style=\"background-color:#bcb6b638;border-top:none;border-right:none;border-bottom:none;border-left:none\"><div class=\"aagb__accordion_heading aab_right_icon aagb_right_link\"><div class=\"head_content_wrapper\"><div class=\"title_wrapper\"><h5 class=\"aagb__accordion_title\" style=\"margin:0\">Yasal ve K\u00fclt\u00fcrel Farkl\u0131l\u0131klar<\/h5><\/div><p class=\"aagb__accordion_subheading\" placeholder=\"\" style=\"margin:5px 0 0 0\"><\/p><\/div><\/div><div class=\"aagb__accordion_icon\"><div class=\"aagb__icon_dashicons_box\"><span class=\"aagb__icon dashicons dashicons-plus-alt2\"><\/span><\/div><\/div><\/div><div class=\"aagb__accordion_body   \" role=\"region\" style=\"border-top:1px solid #bcb6b638;border-right:none;border-bottom:none;border-left:none\"><div class=\"aagb__accordion_component \">\n<p>\u0130talya\u2019da kimlik kart\u0131 veya pasaport ta\u015f\u0131mak yasal bir zorunluluktur. \u00c7o\u011fu zaman pasaportunuzun ilk sayfas\u0131n\u0131n fotokopisi yeterli olacakt\u0131r. Ara\u00e7 kullan\u0131rken durduruldu\u011funuzda pasaportunuzun orijinali talep edilecektir.<\/p>\n\n\n\n<p>Toplu ta\u015f\u0131ma ara\u00e7lar\u0131nda ge\u00e7erli bir bilete sahip oldu\u011funuzdan ve kulland\u0131\u011f\u0131n\u0131zdan emin olun. Yetkililer s\u0131k s\u0131k toplu ta\u015f\u0131ma ara\u00e7lar\u0131nda biletleri kontrol eder. Biletiniz ge\u00e7erli de\u011filse (veya kullan\u0131lmam\u0131\u015fsa) 100 ila 500 Euro (hemen \u00f6denirse 50 Euro) para cezas\u0131 kesilir. Bu ceza \u00f6denmeden \u00fclkeden ayr\u0131lman\u0131za izin verilmeyecektir.<\/p>\n\n\n\n<p>\u0130talya\u2019daki pek \u00e7ok \u015fehirde Turist Vergisi uygulanmaktad\u0131r. Bu vergi genellikle otelde, konaklama \u00fccretine ek olarak ayr\u0131ca \u00f6denir. Vergi oran\u0131 \u015fehirden \u015fehire de\u011fi\u015fir ve bazen otelin y\u0131ld\u0131z derecelendirmesine ba\u011fl\u0131d\u0131r. Oteller bazen bu \u00f6demeyi nakit olarak talep edebilir. \u00d6deme sonras\u0131nda makbuz ald\u0131\u011f\u0131n\u0131zdan emin olun.<\/p>\n\n\n\n<p>Venedik\u2019i ziyaret edecekseniz bir ziyaret \u00fccreti \u00f6demeniz gerekebilir. Bu \u00fccretin hangi tarihlerde ge\u00e7erli oldu\u011fu, ne kadar oldu\u011fu ve nas\u0131l \u00f6denebilece\u011fi hakk\u0131nda ayr\u0131nt\u0131l\u0131 bilgi i\u00e7in <a href=\"https:\/\/cda.ve.it\/en\/\" target=\"_blank\" rel=\"noreferrer noopener\">Venice Access Fee\u2019i<\/a> inceleyin.<\/p>\n\n\n\n<p>Baz\u0131 \u0130talyan \u015fehirlerinde ve kasabalar\u0131nda o b\u00f6lgeye \u00f6zg\u00fc yerel kurallar (\u00f6rn; yere \u00e7\u00f6p atma, an\u0131t basamaklar\u0131nda oturma, ana kiliselerin, tarihi an\u0131tlar\u0131n ve kamu binalar\u0131n\u0131n yan\u0131nda yeme &#8211; i\u00e7me vb.) vard\u0131r ve bunlara uyulmad\u0131\u011f\u0131nda para cezas\u0131 uygulanabilir.<\/p>\n\n\n\n<p>Capri Adas\u0131\u2019nda plastik \u00e7atal b\u0131\u00e7ak tak\u0131m\u0131, tabak, bardak, pipet ve benzeri tek kullan\u0131ml\u0131k plastik nesneleri kullanmamal\u0131 ve ada s\u0131n\u0131rlar\u0131na sokmamal\u0131s\u0131n\u0131z. Aksi takdirde 500 Euro\u2019ya kadar para cezas\u0131 uygulanabilir.<\/p>\n\n\n\n<p>Ruhsats\u0131z sokak sat\u0131c\u0131lar\u0131ndan \u00fcr\u00fcn sat\u0131n almak yasa d\u0131\u015f\u0131d\u0131r.<\/p>\n<\/div><\/div><\/div>\n\n\n\n<div class=\"wp-block-aab-accordion-item aagb__accordion_container panel\" tabindex=\"0\" style=\"border:1px solid #bcb6b638;margin-top:0px;margin-bottom:15px\"><div class=\"aagb__accordion_head aab_right_icon  \" data-active=\"false\" style=\"background-color:#bcb6b638;border-top:none;border-right:none;border-bottom:none;border-left:none\"><div class=\"aagb__accordion_heading aab_right_icon aagb_right_link\"><div class=\"head_content_wrapper\"><div class=\"title_wrapper\"><h5 class=\"aagb__accordion_title\" style=\"margin:0\">G\u00fcvenlik<\/h5><\/div><p class=\"aagb__accordion_subheading\" placeholder=\"\" style=\"margin:5px 0 0 0\"><\/p><\/div><\/div><div class=\"aagb__accordion_icon\"><div class=\"aagb__icon_dashicons_box\"><span class=\"aagb__icon dashicons dashicons-plus-alt2\"><\/span><\/div><\/div><\/div><div class=\"aagb__accordion_body   \" role=\"region\" style=\"border-top:1px solid #bcb6b638;border-right:none;border-bottom:none;border-left:none\"><div class=\"aagb__accordion_component \">\n<p>\u0130talya, 147 farkl\u0131 \u00fclkenin bulundu\u011fu 2025 tarihli Su\u00e7 Endeksi s\u0131ralamas\u0131nda 53,1 puan ile listedeki en g\u00fcvenli 79. \u00fclke olarak s\u0131ralanmaktad\u0131r. (T\u00fcrkiye, 57. s\u0131radad\u0131r.)<\/p>\n\n\n\n<p>\u0130talya\u2019y\u0131 ziyaret edenler her \u00fclkede olmas\u0131 gerekti\u011fi gibi yankesicilik ve k\u00fc\u00e7\u00fck h\u0131rs\u0131zl\u0131k su\u00e7lar\u0131na kar\u015f\u0131 makul \u00f6nlemler almal\u0131d\u0131r.<\/p>\n\n\n\n<ul>\n<li>De\u011ferli e\u015fyalar\u0131n\u0131z\u0131 kendinize yak\u0131n tutun. (\u00d6rn; ceketinizin i\u00e7 cebi veya pantolonunuzun \u00f6n cebi)&nbsp;<\/li>\n\n\n\n<li>Yan\u0131n\u0131zda \u00e7ok miktarda nakit para ta\u015f\u0131may\u0131n.&nbsp;<\/li>\n\n\n\n<li>Sizi hedef haline getirecek g\u00f6steri\u015fli aksesuarlar takmay\u0131n.&nbsp;<\/li>\n\n\n\n<li>\u00c7antan\u0131z\u0131 s\u0131k\u0131 bir \u015fekilde tutun.&nbsp;<\/li>\n\n\n\n<li>Gece saatlerinde karanl\u0131k ve tenha alanlara girmeyin.<\/li>\n<\/ul>\n\n\n\n<p>\u0130talya\u2019n\u0131n kalabal\u0131k b\u00f6lgelerinde h\u0131rs\u0131zl\u0131k olaylar\u0131 bildirilmi\u015ftir. \u00d6zellikle toplu ta\u015f\u0131ma ara\u00e7lar\u0131nda, kalabal\u0131k b\u00f6lgelerde, Roma Termini istasyonunun i\u00e7inde ve \u00e7evresinde dikkatli olun.<\/p>\n\n\n\n<p>Park halindeki ara\u00e7lardan h\u0131rs\u0131zl\u0131k olaylar\u0131 Roma\u2019da (\u00f6zellikle Kolezyum ve \u00e7evresinde), Ostia\u2019da, Milano\u2019da ve Pisa\u2019da meydana gelebilir. Arac\u0131n\u0131zda de\u011ferli e\u015fyalar\u0131n\u0131z\u0131 b\u0131rakmay\u0131n.<\/p>\n\n\n\n<p>\u0130talya\u2019n\u0131n herhangi bir yerinde her ne ama\u00e7la olursa olsun askeri tesislerinin, personelin ya da personel ara\u00e7lar\u0131n\u0131n foto\u011fraflar\u0131n\u0131 \u00e7ekmekten sak\u0131n\u0131n ve \u00e7ekti\u011finiz di\u011fer foto\u011fraflar\u0131n bu unsurlar\u0131 i\u00e7ermedi\u011finden emin olun. Bu uyar\u0131lara dikkat etmemek tutuklanmalara yol a\u00e7abilir.<\/p>\n\n\n\n<p>B\u00fcy\u00fck su\u00e7lar genellikle do\u011frudan turistleri hedef almaz.<\/p>\n<\/div><\/div><\/div>\n\n\n\n<div class=\"wp-block-aab-accordion-item aagb__accordion_container panel\" tabindex=\"0\" style=\"border:1px solid #bcb6b638;margin-top:0px;margin-bottom:15px\"><div class=\"aagb__accordion_head aab_right_icon  \" data-active=\"false\" style=\"background-color:#bcb6b638;border-top:none;border-right:none;border-bottom:none;border-left:none\"><div class=\"aagb__accordion_heading aab_right_icon aagb_right_link\"><div class=\"head_content_wrapper\"><div class=\"title_wrapper\"><h5 class=\"aagb__accordion_title\" style=\"margin:0\">Ehliyet ve Ara\u00e7 Kiralama<\/h5><\/div><p class=\"aagb__accordion_subheading\" placeholder=\"\" style=\"margin:5px 0 0 0\"><\/p><\/div><\/div><div class=\"aagb__accordion_icon\"><div class=\"aagb__icon_dashicons_box\"><span class=\"aagb__icon dashicons dashicons-plus-alt2\"><\/span><\/div><\/div><\/div><div class=\"aagb__accordion_body   \" role=\"region\" style=\"border-top:1px solid #bcb6b638;border-right:none;border-bottom:none;border-left:none\"><div class=\"aagb__accordion_component \">\n<p>T\u00fcrkiye Cumhuriyeti\u2019nden alm\u0131\u015f oldu\u011funuz s\u00fcr\u00fcc\u00fc belgesi, aralar\u0131nda Almanya\u2019n\u0131n, Avusturya\u2019n\u0131n, Bel\u00e7ika\u2019n\u0131n, Bulgaristan\u2019\u0131n, Ukrayna\u2019n\u0131n, Danimarka\u2019n\u0131n, S\u0131rbistan\u2019\u0131n, \u0130talya\u2019n\u0131n, \u0130spanya\u2019n\u0131n ve \u0130svi\u00e7re\u2019nin de bulundu\u011fu t\u00fcm Avrupa \u00fclkelerinde ge\u00e7erlidir.<\/p>\n\n\n\n<p>Avrupa \u00fclkelerine yapaca\u011f\u0131n\u0131z alt\u0131 aya kadar olan k\u0131sa s\u00fcreli turistik seyahatlerinizde T\u00fcrkiye Cumhuriyeti\u2019nden alm\u0131\u015f oldu\u011funuz s\u00fcr\u00fcc\u00fc belgesini kullanabilirsiniz.<\/p>\n\n\n\n<p>\u0130talya&#8217;da hizmet veren \u00e7ok say\u0131da ara\u00e7 kiralama \u015firketi vard\u0131r ancak kiralama ko\u015fullar\u0131 ara\u00e7 kiralama \u015firketine ve kiralanmak istenen arac\u0131n segmentine ba\u011fl\u0131 olarak de\u011fi\u015fiklik g\u00f6sterebilir.<\/p>\n<\/div><\/div><\/div>\n\n\n\n<div class=\"wp-block-aab-accordion-item aagb__accordion_container panel\" tabindex=\"0\" style=\"border:1px solid #bcb6b638;margin-top:0px;margin-bottom:15px\"><div class=\"aagb__accordion_head aab_right_icon  \" data-active=\"false\" style=\"background-color:#bcb6b638;border-top:none;border-right:none;border-bottom:none;border-left:none\"><div class=\"aagb__accordion_heading aab_right_icon aagb_right_link\"><div class=\"head_content_wrapper\"><div class=\"title_wrapper\"><h5 class=\"aagb__accordion_title\" style=\"margin:0\">Ula\u015f\u0131m ve Toplu Ta\u015f\u0131ma<\/h5><\/div><p class=\"aagb__accordion_subheading\" placeholder=\"\" style=\"margin:5px 0 0 0\"><\/p><\/div><\/div><div class=\"aagb__accordion_icon\"><div class=\"aagb__icon_dashicons_box\"><span class=\"aagb__icon dashicons dashicons-plus-alt2\"><\/span><\/div><\/div><\/div><div class=\"aagb__accordion_body   \" role=\"region\" style=\"border-top:1px solid #bcb6b638;border-right:none;border-bottom:none;border-left:none\"><div class=\"aagb__accordion_component \">\n<p>Yollar, \u015fehir i\u00e7inde ve \u00e7evresinde iyi durumdad\u0131r ancak k\u0131rsal alanlarda bak\u0131ms\u0131z olabilir. S\u00fcr\u00fcc\u00fcler trafik kurallar\u0131na tam olarak uyum sa\u011flamayabilir. <\/p>\n\n\n\n<p>S\u00fcr\u00fcc\u00fcler yaya yolunda durmalar\u0131 gerekti\u011fi halde durmayabilir. Yaya olarak y\u00fcr\u00fcrken yolu dikkatlice kontrol edin. Yaya olarak bir yaya ge\u00e7idine 100 metre mesafeden daha yak\u0131nsan\u0131z ancak bu yolu kullanmak yerine yolun ortas\u0131ndan ge\u00e7i\u015f yaparsan\u0131z para cezas\u0131 uygulanabilir.<\/p>\n\n\n\n<p>\u0130talya\u2019daki spesifik s\u00fcr\u00fc\u015f kurallar\u0131 hakk\u0131nda bilgi edinmek i\u00e7in <a href=\"https:\/\/europa.eu\/youreurope\/citizens\/travel\/driving-abroad\/road-rules-and-safety\/italy\/index_en.htm\" target=\"_blank\" rel=\"noreferrer noopener\">Yol Kurallar\u0131 ve G\u00fcvenlik<\/a> sayfas\u0131n\u0131 kontrol edin.<\/p>\n\n\n\n<p>Sadece tabelas\u0131, tavan ayd\u0131nlatmas\u0131 ve taksimetresi olan lisansl\u0131 taksiler ile seyahat edin. Yetkisiz taksiler fazla \u00fccret talep edebilir.<\/p>\n\n\n\n<p>\u0130talya geli\u015fmi\u015f bir toplu ta\u015f\u0131ma a\u011f\u0131na sahiptir ve hem \u015fehir i\u00e7i hem de \u015fehirler aras\u0131 ula\u015f\u0131m imkanlar\u0131 kapsaml\u0131d\u0131r.<\/p>\n<\/div><\/div><\/div>\n\n\n\n<div class=\"wp-block-aab-accordion-item aagb__accordion_container panel\" tabindex=\"0\" style=\"border:1px solid #bcb6b638;margin-top:0px;margin-bottom:15px\"><div class=\"aagb__accordion_head aab_right_icon  \" data-active=\"false\" style=\"background-color:#bcb6b638;border-top:none;border-right:none;border-bottom:none;border-left:none\"><div class=\"aagb__accordion_heading aab_right_icon aagb_right_link\"><div class=\"head_content_wrapper\"><div class=\"title_wrapper\"><h5 class=\"aagb__accordion_title\" style=\"margin:0\">Al\u0131\u015fveri\u015f<\/h5><\/div><p class=\"aagb__accordion_subheading\" placeholder=\"\" style=\"margin:5px 0 0 0\"><\/p><\/div><\/div><div class=\"aagb__accordion_icon\"><div class=\"aagb__icon_dashicons_box\"><span class=\"aagb__icon dashicons dashicons-plus-alt2\"><\/span><\/div><\/div><\/div><div class=\"aagb__accordion_body   \" role=\"region\" style=\"border-top:1px solid #bcb6b638;border-right:none;border-bottom:none;border-left:none\"><div class=\"aagb__accordion_component \">\n<p>\u0130talya&#8217;da standart KDV oran\u0131 %22&#8217;dir. Tax Free kapsam\u0131ndaki al\u0131\u015fveri\u015flerinizde %13 ila %15 oran\u0131nda vergi iadesi alabilirsiniz. Ek bilgi i\u00e7in <a href=\"https:\/\/www.enucuzu.com\/blog\/tax-free-nedir\">Tax Free Rehberi&#8217;ni<\/a> inceleyin.<\/p>\n\n\n\n<p>\u0130talya\u2019dan getirebilece\u011finiz mallar\u0131n niteli\u011fi ve miktar\u0131 hakk\u0131nda kat\u0131 s\u0131n\u0131rlar bulunmaktad\u0131r. Kurallara uyulmamas\u0131 durumunda cezai i\u015flemler uygulanabilir. \u0130talya&#8217;dan getirece\u011finiz \u00fcr\u00fcn\u00fc \u00fclkeden \u00e7\u0131kartman\u0131n yasal olup olmad\u0131\u011f\u0131 hakk\u0131nda \u015f\u00fcpheleriniz varsa <a href=\"https:\/\/www.adm.gov.it\/portale\/en\/carta-doganale-viaggiatore\" target=\"_blank\" rel=\"noreferrer noopener\">Seyahat G\u00fcmr\u00fck Kart\u0131\u2019n\u0131<\/a> inceleyin.<\/p>\n<\/div><\/div><\/div>\n\n\n\n<div class=\"wp-block-aab-accordion-item aagb__accordion_container panel\" tabindex=\"0\" style=\"border:1px solid #bcb6b638;margin-top:0px;margin-bottom:15px\"><div class=\"aagb__accordion_head aab_right_icon  \" data-active=\"false\" style=\"background-color:#bcb6b638;border-top:none;border-right:none;border-bottom:none;border-left:none\"><div class=\"aagb__accordion_heading aab_right_icon aagb_right_link\"><div class=\"head_content_wrapper\"><div class=\"title_wrapper\"><h5 class=\"aagb__accordion_title\" style=\"margin:0\">Yeme \u0130\u00e7me<\/h5><\/div><p class=\"aagb__accordion_subheading\" placeholder=\"\" style=\"margin:5px 0 0 0\"><\/p><\/div><\/div><div class=\"aagb__accordion_icon\"><div class=\"aagb__icon_dashicons_box\"><span class=\"aagb__icon dashicons dashicons-plus-alt2\"><\/span><\/div><\/div><\/div><div class=\"aagb__accordion_body   \" role=\"region\" style=\"border-top:1px solid #bcb6b638;border-right:none;border-bottom:none;border-left:none\"><div class=\"aagb__accordion_component \">\n<p>\u0130talya, d\u00fcnyan\u0131n en pop\u00fcler mutfaklar\u0131ndan birine sahiptir. \u0130talya&#8217;da denenmesi gerekenler:<\/p>\n\n\n\n<ul>\n<li><strong>Yemekler: <\/strong>Pizza al Taglio, Abbacchio alla Romana, Pizza, Calzone, Makarna (Pasta)<\/li>\n\n\n\n<li><strong>Tatl\u0131lar: <\/strong>Tiramisu, Gelato, Maritozzo, Tartufo, Crostata Ricotta a Visciole<\/li>\n\n\n\n<li><strong>\u0130\u00e7ecekler: <\/strong>Kahve, Limoncello, \u0130talyan \u015earab\u0131<\/li>\n<\/ul>\n\n\n\n<p>Numbeo verilerine g\u00f6re \u0130talya&#8217;da s\u0131radan bir restoranda ortalama yeme i\u00e7me maliyeti yakla\u015f\u0131k $17,02 civar\u0131ndad\u0131r.<\/p>\n<\/div><\/div><\/div>\n\n\n\n<div class=\"wp-block-aab-accordion-item aagb__accordion_container panel\" tabindex=\"0\" style=\"border:1px solid #bcb6b638;margin-top:0px;margin-bottom:15px\"><div class=\"aagb__accordion_head aab_right_icon  \" data-active=\"false\" style=\"background-color:#bcb6b638;border-top:none;border-right:none;border-bottom:none;border-left:none\"><div class=\"aagb__accordion_heading aab_right_icon aagb_right_link\"><div class=\"head_content_wrapper\"><div class=\"title_wrapper\"><h5 class=\"aagb__accordion_title\" style=\"margin:0\">Sa\u011fl\u0131k<\/h5><\/div><p class=\"aagb__accordion_subheading\" placeholder=\"\" style=\"margin:5px 0 0 0\"><\/p><\/div><\/div><div class=\"aagb__accordion_icon\"><div class=\"aagb__icon_dashicons_box\"><span class=\"aagb__icon dashicons dashicons-plus-alt2\"><\/span><\/div><\/div><\/div><div class=\"aagb__accordion_body   \" role=\"region\" style=\"border-top:1px solid #bcb6b638;border-right:none;border-bottom:none;border-left:none\"><div class=\"aagb__accordion_component \">\n<p>\u0130talya seyahatiniz \u00f6ncesinde rutin a\u015f\u0131lar\u0131 yapt\u0131rman\u0131z yeterli olup T\u00fcrkiye Cumhuriyeti Sa\u011fl\u0131k Bakanl\u0131\u011f\u0131&#8217;n\u0131n bu \u00fclkeye \u00f6zel ek bir a\u015f\u0131 uyar\u0131s\u0131 bulunmamaktad\u0131r. <\/p>\n\n\n\n<p>\u0130talya\u2019da devlet hastaneleri kapasite, hizmet ve i\u015fletme yetersizlikleri a\u00e7\u0131s\u0131ndan ele\u015ftirilmektedir. Devlet hastanelerinin acil b\u00f6l\u00fcmlerinde ortalama bekleme s\u00fcreleri 3 saati a\u015fabilir.&nbsp;<\/p>\n\n\n\n<p>Ortalama \u00f6zel muayene \u00fccreti 200 &#8211; 250 Euro ve g\u00fcnl\u00fck yatak \u00fccreti 300 Euro civar\u0131ndad\u0131r. Yurt D\u0131\u015f\u0131 Seyahat Sigortas\u0131\u2019n\u0131n m\u00fcmk\u00fcn ise \u00f6zel hastanelerde de ge\u00e7erli olacak \u015fekilde d\u00fczenletilmesi \u00f6nerilir.<\/p>\n\n\n\n<p>\u015eebeke sular\u0131 g\u00fcvenilir olmakla birlikte y\u00fcksek kire\u00e7 oran\u0131na sahiptir. \u015ei\u015felenmi\u015f sular\u0131n tercih edilmesi \u00f6nerilir.<\/p>\n\n\n\n<p>Seyahatiniz s\u0131ras\u0131nda veya sonras\u0131nda kendinizi iyi hissetmiyorsan\u0131z en yak\u0131n sa\u011fl\u0131k kurulu\u015funa g\u00f6r\u00fcn\u00fcn ve nereye seyahat etti\u011finizden ve neler yapt\u0131\u011f\u0131n\u0131zdan bahsedin.<\/p>\n<\/div><\/div><\/div>\n\n\n\n<div class=\"wp-block-aab-accordion-item aagb__accordion_container panel\" tabindex=\"0\" style=\"border:1px solid #bcb6b638;margin-top:0px;margin-bottom:15px\"><div class=\"aagb__accordion_head aab_right_icon  \" data-active=\"false\" style=\"background-color:#bcb6b638;border-top:none;border-right:none;border-bottom:none;border-left:none\"><div class=\"aagb__accordion_heading aab_right_icon aagb_right_link\"><div class=\"head_content_wrapper\"><div class=\"title_wrapper\"><h5 class=\"aagb__accordion_title\" style=\"margin:0\">A\u015f\u0131r\u0131 Hava Ko\u015fullar\u0131 ve Do\u011fal Afetler<\/h5><\/div><p class=\"aagb__accordion_subheading\" placeholder=\"\" style=\"margin:5px 0 0 0\"><\/p><\/div><\/div><div class=\"aagb__accordion_icon\"><div class=\"aagb__icon_dashicons_box\"><span class=\"aagb__icon dashicons dashicons-plus-alt2\"><\/span><\/div><\/div><\/div><div class=\"aagb__accordion_body   \" role=\"region\" style=\"border-top:1px solid #bcb6b638;border-right:none;border-bottom:none;border-left:none\"><div class=\"aagb__accordion_component \">\n<p><strong>Su Bask\u0131nlar\u0131:<\/strong> \u0130talya\u2019da k\u0131\u015f aylar\u0131nda yo\u011fun ya\u011f\u0131\u015flar yayg\u0131nd\u0131r ve bu durum yerel su bask\u0131nlar\u0131na neden olabilir. En \u00e7ok etkilenen alanlar Veneto, Piedmont, Liguria, Calabria ve Sicilya b\u00f6lgeleridir. L\u00fctfen yerel yetkililerin tavsiyelerine uyun.<\/p>\n\n\n\n<p><strong>Depremler:<\/strong> \u0130talya sismik a\u00e7\u0131dan aktif bir b\u00f6lgede bulunmaktad\u0131r ve k\u00fc\u00e7\u00fck sars\u0131nt\u0131lar zaman zaman meydana gelir ancak ciddi depremler daha nadirdir. Seyahatiniz s\u0131ras\u0131nda bir depreme maruz kal\u0131rsan\u0131z yetkililerden gelen uyar\u0131lara ve y\u00f6nlendirmelere uyum sa\u011flay\u0131n.<\/p>\n\n\n\n<p><strong>Orman Yang\u0131nlar\u0131:<\/strong> Yang\u0131nlar Haziran ay\u0131ndan Eyl\u00fcl ay\u0131na kadar yayg\u0131nd\u0131r. L\u00fctfen yerel yetkililerin tavsiyelerine uyun.<\/p>\n\n\n\n<p><strong>Volkanlar:<\/strong> Yetkililer \u0130talya\u2019n\u0131n g\u00fcneyindeki Etna ve Stromboli i\u00e7in uyar\u0131 d\u00fczeyini y\u00fckseltti. Patlamalar\u0131n yerle\u015fim yerlerini etkilemesi olas\u0131 de\u011fildir ancak patlamalar s\u0131ras\u0131nda hava sahas\u0131 etkilenebilir.&nbsp;<\/p>\n<\/div><\/div><\/div>\n\n\n\n<div class=\"wp-block-aab-accordion-item aagb__accordion_container panel\" tabindex=\"0\" style=\"border:1px solid #bcb6b638;margin-top:0px;margin-bottom:15px\"><div class=\"aagb__accordion_head aab_right_icon  \" data-active=\"false\" style=\"background-color:#bcb6b638;border-top:none;border-right:none;border-bottom:none;border-left:none\"><div class=\"aagb__accordion_heading aab_right_icon aagb_right_link\"><div class=\"head_content_wrapper\"><div class=\"title_wrapper\"><h5 class=\"aagb__accordion_title\" style=\"margin:0\">Gezi Rehberi<\/h5><\/div><p class=\"aagb__accordion_subheading\" placeholder=\"\" style=\"margin:5px 0 0 0\"><\/p><\/div><\/div><div class=\"aagb__accordion_icon\"><div class=\"aagb__icon_dashicons_box\"><span class=\"aagb__icon dashicons dashicons-plus-alt2\"><\/span><\/div><\/div><\/div><div class=\"aagb__accordion_body   \" role=\"region\" style=\"border-top:1px solid #bcb6b638;border-right:none;border-bottom:none;border-left:none\"><div class=\"aagb__accordion_component \">\n<p>Enucuzu Blog&#8217;da \u0130talya ile ilgili 2 gezi rehberi bulunmaktad\u0131r:<\/p>\n\n\n\n<ul>\n<li><a href=\"https:\/\/www.enucuzu.com\/blog\/roma-gezi-rehberi\">Roma Gezi Rehberi<\/a><\/li>\n\n\n\n<li><a href=\"https:\/\/www.enucuzu.com\/blog\/milano-gezi-rehberi\">Milano Gezi Rehberi<\/a><\/li>\n<\/ul>\n<\/div><\/div><\/div>\n<\/div>\n","protected":false},"excerpt":{"rendered":"<p>Son G\u00fcncellenme Tarihi: 05.05.2025 G\u00fcncel G\u00fcvenlik Risk D\u00fczeyi: S\u0131radan \u00d6nlemler Al\u0131n (1\/3) | T\u00fcrkiye Cumhuriyeti D\u0131\u015fi\u015fleri Bakanl\u0131\u011f\u0131&#8217;n\u0131n ve incelenen di\u011fer resmi kurumlar\u0131n \u0130talya seyahati i\u00e7in \u00f6zel bir seyahat g\u00fcvenlik uyar\u0131s\u0131 bulunmamaktad\u0131r. G\u00fcvenli bir seyahat deneyimine y\u00f6nelik ipu\u00e7lar\u0131 i\u00e7in &#8220;G\u00fcvenlik&#8221; ba\u015fl\u0131\u011f\u0131n\u0131 inceleyin. \u00dclke K\u00fcnyesi \u00dclke \u0130talya Ba\u015fkent Roma Turistik \u015eehirler Roma, Venedik, Floransa, Milano, Napoli Resmi<\/p>\n","protected":false},"author":1,"featured_media":9525,"parent":0,"menu_order":0,"comment_status":"closed","ping_status":"closed","template":"","meta":{"footnotes":""},"yoast_head":"<!-- This site is optimized with the Yoast SEO plugin v24.5 - https:\/\/yoast.com\/wordpress\/plugins\/seo\/ -->\n<title>\u0130talya: G\u00fcncel Seyahat Bilgileri - Enucuzu Blog<\/title>\n<meta name=\"description\" content=\"\u0130talya seyahatiniz \u00f6ncesinde ve s\u0131ras\u0131nda dikkate alman\u0131z gereken noktalara \u0130talya: G\u00fcncel Seyahat Bilgileri \u00fczerinden eri\u015febilirsiniz.\" \/>\n<meta name=\"robots\" content=\"index, follow, max-snippet:-1, max-image-preview:large, max-video-preview:-1\" \/>\n<link rel=\"canonical\" href=\"https:\/\/www.enucuzu.com\/blog\/italya-guncel-seyahat-bilgileri\" \/>\n<meta property=\"og:locale\" content=\"tr_TR\" \/>\n<meta property=\"og:type\" content=\"article\" \/>\n<meta property=\"og:title\" content=\"\u0130talya: G\u00fcncel Seyahat Bilgileri - Enucuzu Blog\" \/>\n<meta property=\"og:description\" content=\"\u0130talya seyahatiniz \u00f6ncesinde ve s\u0131ras\u0131nda dikkate alman\u0131z gereken noktalara \u0130talya: G\u00fcncel Seyahat Bilgileri \u00fczerinden eri\u015febilirsiniz.\" \/>\n<meta property=\"og:url\" content=\"https:\/\/www.enucuzu.com\/blog\/italya-guncel-seyahat-bilgileri\" \/>\n<meta property=\"og:site_name\" content=\"Enucuzu Blog\" \/>\n<meta property=\"article:publisher\" content=\"https:\/\/www.facebook.com\/eenucuzucom\" \/>\n<meta property=\"article:modified_time\" content=\"2025-05-16T13:32:46+00:00\" \/>\n<meta property=\"og:image\" content=\"https:\/\/www.enucuzu.com\/blog\/wp-content\/uploads\/2025\/05\/italya-guncel-seyahat-bilgileri.webp\" \/>\n\t<meta property=\"og:image:width\" content=\"1200\" \/>\n\t<meta property=\"og:image:height\" content=\"675\" \/>\n\t<meta property=\"og:image:type\" content=\"image\/webp\" \/>\n<meta name=\"twitter:card\" content=\"summary_large_image\" \/>\n<meta name=\"twitter:site\" content=\"@ComEnucuzu\" \/>\n<meta name=\"twitter:label1\" content=\"Tahmini okuma s\u00fcresi\" \/>\n\t<meta name=\"twitter:data1\" content=\"9 dakika\" \/>\n<script type=\"application\/ld+json\" class=\"yoast-schema-graph\">{\"@context\":\"https:\/\/schema.org\",\"@graph\":[{\"@type\":\"WebPage\",\"@id\":\"https:\/\/www.enucuzu.com\/blog\/italya-guncel-seyahat-bilgileri\",\"url\":\"https:\/\/www.enucuzu.com\/blog\/italya-guncel-seyahat-bilgileri\",\"name\":\"\u0130talya: G\u00fcncel Seyahat Bilgileri - Enucuzu Blog\",\"isPartOf\":{\"@id\":\"https:\/\/www.enucuzu.com\/blog\/#website\"},\"primaryImageOfPage\":{\"@id\":\"https:\/\/www.enucuzu.com\/blog\/italya-guncel-seyahat-bilgileri#primaryimage\"},\"image\":{\"@id\":\"https:\/\/www.enucuzu.com\/blog\/italya-guncel-seyahat-bilgileri#primaryimage\"},\"thumbnailUrl\":\"https:\/\/www.enucuzu.com\/blog\/wp-content\/uploads\/2025\/05\/italya-guncel-seyahat-bilgileri.webp\",\"datePublished\":\"2025-05-05T14:15:17+00:00\",\"dateModified\":\"2025-05-16T13:32:46+00:00\",\"description\":\"\u0130talya seyahatiniz \u00f6ncesinde ve s\u0131ras\u0131nda dikkate alman\u0131z gereken noktalara \u0130talya: G\u00fcncel Seyahat Bilgileri \u00fczerinden eri\u015febilirsiniz.\",\"breadcrumb\":{\"@id\":\"https:\/\/www.enucuzu.com\/blog\/italya-guncel-seyahat-bilgileri#breadcrumb\"},\"inLanguage\":\"tr\",\"potentialAction\":[{\"@type\":\"ReadAction\",\"target\":[\"https:\/\/www.enucuzu.com\/blog\/italya-guncel-seyahat-bilgileri\"]}]},{\"@type\":\"ImageObject\",\"inLanguage\":\"tr\",\"@id\":\"https:\/\/www.enucuzu.com\/blog\/italya-guncel-seyahat-bilgileri#primaryimage\",\"url\":\"https:\/\/www.enucuzu.com\/blog\/wp-content\/uploads\/2025\/05\/italya-guncel-seyahat-bilgileri.webp\",\"contentUrl\":\"https:\/\/www.enucuzu.com\/blog\/wp-content\/uploads\/2025\/05\/italya-guncel-seyahat-bilgileri.webp\",\"width\":1200,\"height\":675,\"caption\":\"\u0130talya G\u00fcncel Seyahat Bilgileri\"},{\"@type\":\"BreadcrumbList\",\"@id\":\"https:\/\/www.enucuzu.com\/blog\/italya-guncel-seyahat-bilgileri#breadcrumb\",\"itemListElement\":[{\"@type\":\"ListItem\",\"position\":1,\"name\":\"Ana Sayfa\",\"item\":\"https:\/\/www.enucuzu.com\/blog\/\"},{\"@type\":\"ListItem\",\"position\":2,\"name\":\"\u0130talya: G\u00fcncel Seyahat Bilgileri\"}]},{\"@type\":\"WebSite\",\"@id\":\"https:\/\/www.enucuzu.com\/blog\/#website\",\"url\":\"https:\/\/www.enucuzu.com\/blog\/\",\"name\":\"Enucuzu Blog\",\"description\":\"\",\"publisher\":{\"@id\":\"https:\/\/www.enucuzu.com\/blog\/#organization\"},\"alternateName\":\"Enucuzu Blog\",\"potentialAction\":[{\"@type\":\"SearchAction\",\"target\":{\"@type\":\"EntryPoint\",\"urlTemplate\":\"https:\/\/www.enucuzu.com\/blog\/?s={search_term_string}\"},\"query-input\":{\"@type\":\"PropertyValueSpecification\",\"valueRequired\":true,\"valueName\":\"search_term_string\"}}],\"inLanguage\":\"tr\"},{\"@type\":\"Organization\",\"@id\":\"https:\/\/www.enucuzu.com\/blog\/#organization\",\"name\":\"Enucuzu.com\",\"alternateName\":\"Enucuzu\",\"url\":\"https:\/\/www.enucuzu.com\/blog\/\",\"logo\":{\"@type\":\"ImageObject\",\"inLanguage\":\"tr\",\"@id\":\"https:\/\/www.enucuzu.com\/blog\/#\/schema\/logo\/image\/\",\"url\":\"https:\/\/www.enucuzu.com\/blog\/wp-content\/uploads\/2023\/10\/enucuzu-com.webp\",\"contentUrl\":\"https:\/\/www.enucuzu.com\/blog\/wp-content\/uploads\/2023\/10\/enucuzu-com.webp\",\"width\":500,\"height\":500,\"caption\":\"Enucuzu.com\"},\"image\":{\"@id\":\"https:\/\/www.enucuzu.com\/blog\/#\/schema\/logo\/image\/\"},\"sameAs\":[\"https:\/\/www.facebook.com\/eenucuzucom\",\"https:\/\/x.com\/ComEnucuzu\",\"https:\/\/www.instagram.com\/enucuzu_com\/\"]}]}<\/script>\n<!-- \/ Yoast SEO plugin. -->","yoast_head_json":{"title":"\u0130talya: G\u00fcncel Seyahat Bilgileri - Enucuzu Blog","description":"\u0130talya seyahatiniz \u00f6ncesinde ve s\u0131ras\u0131nda dikkate alman\u0131z gereken noktalara \u0130talya: G\u00fcncel Seyahat Bilgileri \u00fczerinden eri\u015febilirsiniz.","robots":{"index":"index","follow":"follow","max-snippet":"max-snippet:-1","max-image-preview":"max-image-preview:large","max-video-preview":"max-video-preview:-1"},"canonical":"https:\/\/www.enucuzu.com\/blog\/italya-guncel-seyahat-bilgileri","og_locale":"tr_TR","og_type":"article","og_title":"\u0130talya: G\u00fcncel Seyahat Bilgileri - Enucuzu Blog","og_description":"\u0130talya seyahatiniz \u00f6ncesinde ve s\u0131ras\u0131nda dikkate alman\u0131z gereken noktalara \u0130talya: G\u00fcncel Seyahat Bilgileri \u00fczerinden eri\u015febilirsiniz.","og_url":"https:\/\/www.enucuzu.com\/blog\/italya-guncel-seyahat-bilgileri","og_site_name":"Enucuzu Blog","article_publisher":"https:\/\/www.facebook.com\/eenucuzucom","article_modified_time":"2025-05-16T13:32:46+00:00","og_image":[{"width":1200,"height":675,"url":"https:\/\/www.enucuzu.com\/blog\/wp-content\/uploads\/2025\/05\/italya-guncel-seyahat-bilgileri.webp","type":"image\/webp"}],"twitter_card":"summary_large_image","twitter_site":"@ComEnucuzu","twitter_misc":{"Tahmini okuma s\u00fcresi":"9 dakika"},"schema":{"@context":"https:\/\/schema.org","@graph":[{"@type":"WebPage","@id":"https:\/\/www.enucuzu.com\/blog\/italya-guncel-seyahat-bilgileri","url":"https:\/\/www.enucuzu.com\/blog\/italya-guncel-seyahat-bilgileri","name":"\u0130talya: G\u00fcncel Seyahat Bilgileri - Enucuzu Blog","isPartOf":{"@id":"https:\/\/www.enucuzu.com\/blog\/#website"},"primaryImageOfPage":{"@id":"https:\/\/www.enucuzu.com\/blog\/italya-guncel-seyahat-bilgileri#primaryimage"},"image":{"@id":"https:\/\/www.enucuzu.com\/blog\/italya-guncel-seyahat-bilgileri#primaryimage"},"thumbnailUrl":"https:\/\/www.enucuzu.com\/blog\/wp-content\/uploads\/2025\/05\/italya-guncel-seyahat-bilgileri.webp","datePublished":"2025-05-05T14:15:17+00:00","dateModified":"2025-05-16T13:32:46+00:00","description":"\u0130talya seyahatiniz \u00f6ncesinde ve s\u0131ras\u0131nda dikkate alman\u0131z gereken noktalara \u0130talya: G\u00fcncel Seyahat Bilgileri \u00fczerinden eri\u015febilirsiniz.","breadcrumb":{"@id":"https:\/\/www.enucuzu.com\/blog\/italya-guncel-seyahat-bilgileri#breadcrumb"},"inLanguage":"tr","potentialAction":[{"@type":"ReadAction","target":["https:\/\/www.enucuzu.com\/blog\/italya-guncel-seyahat-bilgileri"]}]},{"@type":"ImageObject","inLanguage":"tr","@id":"https:\/\/www.enucuzu.com\/blog\/italya-guncel-seyahat-bilgileri#primaryimage","url":"https:\/\/www.enucuzu.com\/blog\/wp-content\/uploads\/2025\/05\/italya-guncel-seyahat-bilgileri.webp","contentUrl":"https:\/\/www.enucuzu.com\/blog\/wp-content\/uploads\/2025\/05\/italya-guncel-seyahat-bilgileri.webp","width":1200,"height":675,"caption":"\u0130talya G\u00fcncel Seyahat Bilgileri"},{"@type":"BreadcrumbList","@id":"https:\/\/www.enucuzu.com\/blog\/italya-guncel-seyahat-bilgileri#breadcrumb","itemListElement":[{"@type":"ListItem","position":1,"name":"Ana Sayfa","item":"https:\/\/www.enucuzu.com\/blog\/"},{"@type":"ListItem","position":2,"name":"\u0130talya: G\u00fcncel Seyahat Bilgileri"}]},{"@type":"WebSite","@id":"https:\/\/www.enucuzu.com\/blog\/#website","url":"https:\/\/www.enucuzu.com\/blog\/","name":"Enucuzu Blog","description":"","publisher":{"@id":"https:\/\/www.enucuzu.com\/blog\/#organization"},"alternateName":"Enucuzu Blog","potentialAction":[{"@type":"SearchAction","target":{"@type":"EntryPoint","urlTemplate":"https:\/\/www.enucuzu.com\/blog\/?s={search_term_string}"},"query-input":{"@type":"PropertyValueSpecification","valueRequired":true,"valueName":"search_term_string"}}],"inLanguage":"tr"},{"@type":"Organization","@id":"https:\/\/www.enucuzu.com\/blog\/#organization","name":"Enucuzu.com","alternateName":"Enucuzu","url":"https:\/\/www.enucuzu.com\/blog\/","logo":{"@type":"ImageObject","inLanguage":"tr","@id":"https:\/\/www.enucuzu.com\/blog\/#\/schema\/logo\/image\/","url":"https:\/\/www.enucuzu.com\/blog\/wp-content\/uploads\/2023\/10\/enucuzu-com.webp","contentUrl":"https:\/\/www.enucuzu.com\/blog\/wp-content\/uploads\/2023\/10\/enucuzu-com.webp","width":500,"height":500,"caption":"Enucuzu.com"},"image":{"@id":"https:\/\/www.enucuzu.com\/blog\/#\/schema\/logo\/image\/"},"sameAs":["https:\/\/www.facebook.com\/eenucuzucom","https:\/\/x.com\/ComEnucuzu","https:\/\/www.instagram.com\/enucuzu_com\/"]}]}},"_links":{"self":[{"href":"https:\/\/www.enucuzu.com\/blog\/wp-json\/wp\/v2\/pages\/9516"}],"collection":[{"href":"https:\/\/www.enucuzu.com\/blog\/wp-json\/wp\/v2\/pages"}],"about":[{"href":"https:\/\/www.enucuzu.com\/blog\/wp-json\/wp\/v2\/types\/page"}],"author":[{"embeddable":true,"href":"https:\/\/www.enucuzu.com\/blog\/wp-json\/wp\/v2\/users\/1"}],"replies":[{"embeddable":true,"href":"https:\/\/www.enucuzu.com\/blog\/wp-json\/wp\/v2\/comments?post=9516"}],"version-history":[{"count":30,"href":"https:\/\/www.enucuzu.com\/blog\/wp-json\/wp\/v2\/pages\/9516\/revisions"}],"predecessor-version":[{"id":9875,"href":"https:\/\/www.enucuzu.com\/blog\/wp-json\/wp\/v2\/pages\/9516\/revisions\/9875"}],"wp:featuredmedia":[{"embeddable":true,"href":"https:\/\/www.enucuzu.com\/blog\/wp-json\/wp\/v2\/media\/9525"}],"wp:attachment":[{"href":"https:\/\/www.enucuzu.com\/blog\/wp-json\/wp\/v2\/media?parent=9516"}],"curies":[{"name":"wp","href":"https:\/\/api.w.org\/{rel}","templated":true}]}}